{"id":51931,"date":"2025-12-02T16:45:29","date_gmt":"2025-12-02T15:45:29","guid":{"rendered":"https:\/\/fundacioncbcanarias.org\/?post_type=eventos&#038;p=51931"},"modified":"2025-12-02T16:45:29","modified_gmt":"2025-12-02T15:45:29","slug":"una-manana-con-el-cb-canarias","status":"publish","type":"eventos","link":"https:\/\/fundacioncbcanarias.org\/en\/actividad\/una-manana-con-el-cb-canarias\/","title":{"rendered":"Una ma\u00f1ana con el CB Canarias"},"content":{"rendered":"<p>La Fundaci\u00f3n CB Canarias puso en marcha la iniciativa \u2018Actividades l\u00fadicas de ocio saludable con alumnado de los IES del municipio \u2013 Una ma\u00f1ana con el CB Canarias\u2019, enmarcada en el proyecto \u2018No a las adicciones, s\u00ed al baloncesto, elige vida\u2019, impulsado por la concejal\u00eda de Atenci\u00f3n a las Drogodependencias del Ayuntamiento de La Laguna, con la colaboraci\u00f3n del CB Canarias y el Organismo Aut\u00f3nomo de Deportes (OAD).<\/p>\n<p>El primer encuentro tuvo lugar en el Pabell\u00f3n Alberto Delgado.<\/p>\n","protected":false},"excerpt":{"rendered":"<p>La Fundaci\u00f3n CB Canarias puso en marcha la iniciativa \u2018Actividades l\u00fadicas de ocio saludable con alumnado de los IES del municipio \u2013 Una ma\u00f1ana con el CB Canarias\u2019, enmarcada en el proyecto \u2018No a las adicciones, s\u00ed al baloncesto, elige vida\u2019, impulsado por la concejal\u00eda de Atenci\u00f3n a las Drogodependencias del Ayuntamiento de La Laguna, [&hellip;]<\/p>\n","protected":false},"featured_media":51932,"template":"","categoria_eventos":[],"class_list":{"0":"post-51931","1":"eventos","2":"type-eventos","3":"status-publish","4":"has-post-thumbnail","6":"entry"},"_links":{"self":[{"href":"https:\/\/fundacioncbcanarias.org\/en\/wp-json\/wp\/v2\/eventos\/51931","targetHints":{"allow":["GET"]}}],"collection":[{"href":"https:\/\/fundacioncbcanarias.org\/en\/wp-json\/wp\/v2\/eventos"}],"about":[{"href":"https:\/\/fundacioncbcanarias.org\/en\/wp-json\/wp\/v2\/types\/eventos"}],"wp:featuredmedia":[{"embeddable":true,"href":"https:\/\/fundacioncbcanarias.org\/en\/wp-json\/wp\/v2\/media\/51932"}],"wp:attachment":[{"href":"https:\/\/fundacioncbcanarias.org\/en\/wp-json\/wp\/v2\/media?parent=51931"}],"wp:term":[{"taxonomy":"categoria_eventos","embeddable":true,"href":"https:\/\/fundacioncbcanarias.org\/en\/wp-json\/wp\/v2\/categoria_eventos?post=51931"}],"curies":[{"name":"wp","href":"https:\/\/api.w.org\/{rel}","templated":true}]}}