{"id":52406,"date":"2026-04-22T15:49:16","date_gmt":"2026-04-22T13:49:16","guid":{"rendered":"https:\/\/fundacioncbcanarias.org\/?post_type=eventos&#038;p=52406"},"modified":"2026-04-22T15:49:43","modified_gmt":"2026-04-22T13:49:43","slug":"x-torneo-puertos-de-tenerife","status":"publish","type":"eventos","link":"https:\/\/fundacioncbcanarias.org\/en\/actividad\/x-torneo-puertos-de-tenerife\/","title":{"rendered":"X Torneo Puertos de Tenerife"},"content":{"rendered":"<p>La Autoridad Portuaria de Santa Cruz de Tenerife, junto a la Fundaci\u00f3n Club Baloncesto Canarias y con la colaboraci\u00f3n de la concejal\u00eda de Deportes del Ayuntamiento de Santa Cruz de Tenerife y la Federaci\u00f3n Insular de Baloncesto de Tenerife, celebrar\u00e1 este pr\u00f3ximo s\u00e1bado 25 de abril la d\u00e9cima edici\u00f3n del \u2018Torneo de Baloncesto Puertos de Tenerife\u2019, que tendr\u00e1 lugar en los terrenos de competencia portuaria ubicados en los aleda\u00f1os de la Plaza de Espa\u00f1a.<\/p>\n","protected":false},"excerpt":{"rendered":"<p>La Autoridad Portuaria de Santa Cruz de Tenerife, junto a la Fundaci\u00f3n Club Baloncesto Canarias y con la colaboraci\u00f3n de la concejal\u00eda de Deportes del Ayuntamiento de Santa Cruz de Tenerife y la Federaci\u00f3n Insular de Baloncesto de Tenerife, celebrar\u00e1 este pr\u00f3ximo s\u00e1bado 25 de abril la d\u00e9cima edici\u00f3n del \u2018Torneo de Baloncesto Puertos de [&hellip;]<\/p>\n","protected":false},"featured_media":52407,"template":"","categoria_eventos":[],"class_list":{"0":"post-52406","1":"eventos","2":"type-eventos","3":"status-publish","4":"has-post-thumbnail","6":"entry"},"_links":{"self":[{"href":"https:\/\/fundacioncbcanarias.org\/en\/wp-json\/wp\/v2\/eventos\/52406","targetHints":{"allow":["GET"]}}],"collection":[{"href":"https:\/\/fundacioncbcanarias.org\/en\/wp-json\/wp\/v2\/eventos"}],"about":[{"href":"https:\/\/fundacioncbcanarias.org\/en\/wp-json\/wp\/v2\/types\/eventos"}],"wp:featuredmedia":[{"embeddable":true,"href":"https:\/\/fundacioncbcanarias.org\/en\/wp-json\/wp\/v2\/media\/52407"}],"wp:attachment":[{"href":"https:\/\/fundacioncbcanarias.org\/en\/wp-json\/wp\/v2\/media?parent=52406"}],"wp:term":[{"taxonomy":"categoria_eventos","embeddable":true,"href":"https:\/\/fundacioncbcanarias.org\/en\/wp-json\/wp\/v2\/categoria_eventos?post=52406"}],"curies":[{"name":"wp","href":"https:\/\/api.w.org\/{rel}","templated":true}]}}