{"id":27927,"date":"2025-03-04T10:37:14","date_gmt":"2025-03-04T09:37:14","guid":{"rendered":"https:\/\/fundacioncbcanarias.org\/privacy-policy\/"},"modified":"2025-12-02T15:58:56","modified_gmt":"2025-12-02T14:58:56","slug":"politica-privacidad","status":"publish","type":"page","link":"https:\/\/fundacioncbcanarias.org\/en\/politica-privacidad\/","title":{"rendered":"Pol\u00edtica de privacidad"},"content":{"rendered":"<section class=\"politica-privacidad\">\n<h2><b>NUESTRA POL\u00cdTICA DE PRIVACIDAD DE UN VISTAZO<\/b><\/h2>\n<p><b>\u00bfQui\u00e9nes somos? <\/b><span style=\"font-weight: 400;\">Somos FUNDACION CANARIA CANTERA BASE 1939 CANARIAS y tratamos tus datos como responsable del Tratamiento. Eso significa que nos hacemos cargo de c\u00f3mo usar y proteger tus datos personales.<\/span><\/p>\n<p><b>\u00bfPara qu\u00e9 usamos tus datos? <\/b><span style=\"font-weight: 400;\">Usamos los datos que nos has facilitado online o a trav\u00e9s de cualquier otro medio para atender tus consultas y sugerencias<\/span><\/p>\n<p><b>\u00bfPor qu\u00e9 los tenemos?\u00a0 <\/b><span style=\"font-weight: 400;\">Estamos legitimados a tratar tus datos por diferentes motivos. Al rellenar un formulario o mandar un correo-e en el que nos planteas una consulta o sugerencia tenemos un inter\u00e9s leg\u00edtimo en atenderla.\u00a0\u00a0<\/span><\/p>\n<p><b>\u00bfCon qui\u00e9n compartimos tus datos?<\/b><span style=\"font-weight: 400;\"> Solo compartiremos los datos con aquellas empresas colaboradoras para atender las solicitudes recibidas y prestar nuestros servicios o facilitarte los productos, entidades bancarias y organismos obligados por ley. En ning\u00fan caso vendemos tus datos a terceros.<\/span><\/p>\n<p><b>\u00bfQu\u00e9 derechos tienes?<\/b><span style=\"font-weight: 400;\"> Tienes derecho a acceder, rectificar o suprimir tus datos personales.\u00a0 Tambi\u00e9n tienes derecho a oponerte a que usemos datos que nos hayas autorizado a usar previamente, a portarlos y a no ser objeto de decisiones individualizadas automatizadas.<\/span><\/p>\n<p><span style=\"font-weight: 400;\">En el tratamiento de tus datos personales, aplicamos los siguientes principios para garantizar la mayor protecci\u00f3n para ti:<\/span><\/p>\n<ul>\n<li style=\"font-weight: 400;\" aria-level=\"1\"><b>Principio de licitud, lealtad y transparencia:<\/b><span style=\"font-weight: 400;\"> Siempre vamos a requerir tu consentimiento para el tratamiento de tus datos personales para uno o varios fines espec\u00edficos que te informaremos previamente con absoluta transparencia.<\/span><\/li>\n<li style=\"font-weight: 400;\" aria-level=\"1\"><b>Principio de minimizaci\u00f3n de datos:<\/b><span style=\"font-weight: 400;\"> Solo vamos a solicitar datos estrictamente necesarios en relaci\u00f3n con los fines para los que los requerimos. Los m\u00ednimos posibles.<\/span><\/li>\n<li style=\"font-weight: 400;\" aria-level=\"1\"><b>Principio de limitaci\u00f3n del plazo de conservaci\u00f3n: <\/b><span style=\"font-weight: 400;\">los datos ser\u00e1n mantenidos durante no m\u00e1s tiempo del necesario para los fines del tratamiento, en funci\u00f3n a la finalidad, te informaremos del plazo de conservaci\u00f3n correspondiente, en el caso de suscripciones, peri\u00f3dicamente revisaremos nuestras listas y eliminaremos aquellos registros inactivos durante un tiempo considerable.<\/span><\/li>\n<li style=\"font-weight: 400;\" aria-level=\"1\"><b>Principio de integridad y confidencialidad: <\/b><span style=\"font-weight: 400;\">Tus datos ser\u00e1n tratados de tal manera que se garantice una seguridad adecuada de los datos personales y se garantice confidencialidad. Debes saber que tomamos todas las precauciones necesarias para evitar el acceso no autorizado o uso indebido de los datos de nuestros usuarios por parte de terceros.<\/span><\/li>\n<\/ul>\n<p><span style=\"font-weight: 400;\">En esta pol\u00edtica de privacidad encontrar\u00e1s m\u00e1s informaci\u00f3n detallada sobre el uso que hacemos de los datos personales de nuestros clientes, proveedores y usuarios, y en general de todas las personas que mantienen contactos con nosotros, con independencia del medio que hayan utilizado para comunicarse (formulario online, por tel\u00e9fono o por correo-e, de forma presencial).<\/span><\/p>\n<p><span style=\"font-weight: 400;\">Nos gusta ser transparentes sobre lo que hacemos con tus datos personales, que entiendas las implicaciones de los usos que llevamos a cabo, o los derechos que dispones en relaci\u00f3n con tus datos. Por ese motivo mantenemos actualizada nuestra Pol\u00edtica de Privacidad, el Aviso legal y la Pol\u00edtica de cookies, informaci\u00f3n que puedes consultar en esta misma p\u00e1gina web.<\/span><\/p>\n<p><span style=\"font-weight: 400;\">En caso de que tengas alguna duda o quieras obtener m\u00e1s informaci\u00f3n sobre la pol\u00edtica de privacidad puedes seguir leyendo el documento.<\/span><\/p>\n<ul>\n<li aria-level=\"1\">\n<h2><b>\u00bfQUI\u00c9N ES EL RESPONSABLE DEL TRATAMIENTO DE TUS DATOS?<\/b><\/h2>\n<\/li>\n<\/ul>\n<p><span style=\"font-weight: 400;\">El responsable del tratamiento de tus datos es FUNDACION CANARIA CANTERA BASE 1939 CANARIAS:\u00a0<\/span><\/p>\n<table>\n<tbody>\n<tr>\n<td><b>Identidad\u00a0<\/b><\/td>\n<td><span style=\"font-weight: 400;\">FUNDACION CANARIA CANTERA BASE 1939 CANARIAS &#8211; G76719392<\/span><\/td>\n<\/tr>\n<tr>\n<td><b>Direcci\u00f3n<\/b><\/td>\n<td><span style=\"font-weight: 400;\">MERCEDES SIN N\u00daMERO &#8211; PABELLON SANTIAGO MARTIN 38108 &#8211; LA LAGUNA<\/span><\/td>\n<\/tr>\n<tr>\n<td><b>Tel\u00e9fono<\/b><\/td>\n<td><span style=\"font-weight: 400;\">922253684<\/span><\/td>\n<\/tr>\n<tr>\n<td><b>Correo-e<\/b><\/td>\n<td><span style=\"font-weight: 400;\">fundacion@cbcanarias.es<\/span><span style=\"font-weight: 400;\">\u00a0<\/span><\/td>\n<\/tr>\n<\/tbody>\n<\/table>\n<p>&nbsp;<\/p>\n<p><span style=\"font-weight: 400;\">FUNDACION CANARIA CANTERA BASE 1939 CANARIAS informa al usuario que los datos que nos facilite a trav\u00e9s de la navegaci\u00f3n por nuestra web, los diferentes formularios de recogida de datos o en el env\u00edo de correos electr\u00f3nicos, van a ser tratados por FUNDACION CANARIA CANTERA BASE 1939 CANARIAS y que dicho tratamiento se encuentra recogido en el Registro de Actividades de tratamiento gestionado por FUNDACION CANARIA CANTERA BASE 1939 CANARIAS conforme a lo establecido en el RGPD.<\/span><\/p>\n<ul>\n<li aria-level=\"1\">\n<h2><b>\u00bfPARA QU\u00c9 SE UTILIZAN TUS DATOS PERSONALES?<\/b><\/h2>\n<\/li>\n<\/ul>\n<p><span style=\"font-weight: 400;\">En https:\/\/fundacioncbcanarias.org\/, tratamos datos tanto de los usuarios de nuestra web, como de terceros que mantienen relaciones con nosotros. Con la finalidad de facilitar que conozcas el tratamiento que realizamos de tus datos, hemos diferenciado la finalidad a la que destinamos los datos, los tipos de datos y la base de legitimaci\u00f3n en funci\u00f3n de la categor\u00eda de personas de las que tratamos datos. A continuaci\u00f3n, clasificamos las personas de las que tratamos datos en funci\u00f3n del tipo de relaci\u00f3n que mantienen con FUNDACION CANARIA CANTERA BASE 1939 CANARIAS<\/span><\/p>\n<ul>\n<li aria-level=\"1\"><b>USUARIOS WEB<\/b><\/li>\n<\/ul>\n<p><b>\u00bfQu\u00e9 datos recopilamos de nuestros usuarios del sitio web?<\/b><\/p>\n<ol>\n<li style=\"font-weight: 400;\" aria-level=\"1\"><b>Datos de los usuarios que rellenan cualquiera de los formularios disponibles: <\/b><span style=\"font-weight: 400;\">Los datos personales que FUNDACION CANARIA CANTERA BASE 1939 CANARIAS solicita incluyen:\u00a0<\/span><\/li>\n<\/ol>\n<ul>\n<li style=\"list-style-type: none;\">\n<ul>\n<li style=\"font-weight: 400;\" aria-level=\"1\"><b>Datos identificativos: <\/b><span style=\"font-weight: 400;\">nombre y apellidos, tel\u00e9fono, direcci\u00f3n postal y electr\u00f3nica\u00a0<\/span><\/li>\n<\/ul>\n<\/li>\n<\/ul>\n<ul>\n<li aria-level=\"1\"><b>Datos relativos a la solicitud\u00a0\u00a0<\/b><\/li>\n<\/ul>\n<ul>\n<li aria-level=\"1\"><b>Datos de los usuarios que navegan por nuestra web: Datos proporcionados por las cookies y por Google Analytics.<\/b><span style=\"font-weight: 400;\">\u00a0<\/span><\/li>\n<\/ul>\n<p><b>\u00bfCon qu\u00e9 finalidades vamos a tratar sus datos personales?<\/b><\/p>\n<p><b>C<\/b><span style=\"font-weight: 400;\">uando el usuario acepta nuestra pol\u00edtica de privacidad, nos autoriza a utilizar los datos personales suministrados para los siguientes tratamientos:<\/span><span style=\"font-weight: 400;\">\u00a0<\/span><\/p>\n<ul>\n<li style=\"font-weight: 400;\" aria-level=\"1\"><span style=\"font-weight: 400;\">Remitirle la informaci\u00f3n y prestarle el servicio que soliciten mediante los diversos formularios disponibles en nuestra web.\u00a0<\/span><\/li>\n<li style=\"font-weight: 400;\" aria-level=\"1\"><span style=\"font-weight: 400;\">Organizar, comunicar y celebrar eventos o similares.\u00a0\u00a0<\/span><\/li>\n<\/ul>\n<p><b>\u00bfC\u00f3mo obtenemos tus datos?<\/b><\/p>\n<p><span style=\"font-weight: 400;\">Obtenemos tus datos mediante:<\/span><\/p>\n<ul>\n<li style=\"font-weight: 400;\" aria-level=\"1\"><span style=\"font-weight: 400;\">El formulario que cumplimenta el usuario web para la finalidad que en \u00e9l se recoge. El formulario est\u00e1 supeditado a la aceptaci\u00f3n de la presente pol\u00edtica de privacidad mediante la casilla indicada.<\/span><\/li>\n<\/ul>\n<p><b>\u00bfCu\u00e1l es la legitimaci\u00f3n para el tratamiento de sus datos?<\/b><\/p>\n<p><span style=\"font-weight: 400;\">El <\/span><b>consentimiento expreso del usuario <\/b><span style=\"font-weight: 400;\">(art\u00edculo 6.1.a. RGPD) manifestado mediante la cumplimentaci\u00f3n de los diferentes formularios, la marcaci\u00f3n es la que legitima el tratamiento por parte de FUNDACION CANARIA CANTERA BASE 1939 CANARIAS. El usuario puede revocar en cualquier momento el consentimiento prestado, si bien si revoca el consentimiento, \u00e9ste no afecta a los tratamientos de datos realizados con anterioridad a la revocaci\u00f3n de este.\u00a0<\/span><\/p>\n<p><span style=\"font-weight: 400;\">El <\/span><b>inter\u00e9s leg\u00edtimo<\/b><span style=\"font-weight: 400;\"> para la elaboraci\u00f3n de perfiles de navegaci\u00f3n y detectar las preferencias mediante la instalaci\u00f3n de cookies.<\/span><\/p>\n<p><span style=\"font-weight: 400;\">La <\/span><b>ejecuci\u00f3n de un contrato o la adopci\u00f3n de medidas precontractuales<\/b><span style=\"font-weight: 400;\"> cuando el cliente realiza una solicitud mediante los diferentes formularios que dispone el usuario en nuestra web o solicita informaci\u00f3n sobre los servicios prestados por FUNDACION CANARIA CANTERA BASE 1939 CANARIAS.<\/span><span style=\"font-weight: 400;\">\u00a0<\/span><\/p>\n<ul>\n<li aria-level=\"1\"><b>PROVEEDORES<\/b><\/li>\n<\/ul>\n<p><b>\u00bfQu\u00e9 datos recopilamos de nuestros proveedores?<\/b><\/p>\n<ol>\n<li style=\"font-weight: 400;\" aria-level=\"1\"><b>Datos identificativos del proveedor: <\/b><span style=\"font-weight: 400;\">Los datos personales que FUNDACION CANARIA CANTERA BASE 1939 CANARIAS solicita incluyen:\u00a0<\/span><\/li>\n<\/ol>\n<ul>\n<li style=\"font-weight: 400;\" aria-level=\"1\"><b>Datos identificativos: <\/b><span style=\"font-weight: 400;\">nombre y apellidos, tel\u00e9fono, direcci\u00f3n postal y electr\u00f3nica<\/span><\/li>\n<li style=\"font-weight: 400;\" aria-level=\"1\"><b>Datos de empleo y profesionales<\/b><\/li>\n<li style=\"font-weight: 400;\" aria-level=\"1\"><b>Actividades y negocios<\/b><span style=\"font-weight: 400;\">\u00a0<\/span><\/li>\n<\/ul>\n<p><b>\u00bfC\u00f3mo obtenemos tus datos?<\/b><\/p>\n<p><span style=\"font-weight: 400;\">Obtenemos tus datos mediante:<\/span><\/p>\n<ul>\n<li style=\"font-weight: 400;\" aria-level=\"1\"><span style=\"font-weight: 400;\">La firma del contrato que nos vincula, la aceptaci\u00f3n del presupuesto presentado, la recepci\u00f3n de facturas del proveedor y la firma del contrato de Encargado de Tratamiento en caso de que proceda por el servicio prestado.<\/span><\/li>\n<\/ul>\n<p><b>\u00bfCon qu\u00e9 finalidades vamos a tratar sus datos personales?<\/b><\/p>\n<p><span style=\"font-weight: 400;\">Gestionar la informaci\u00f3n relativa a los datos de nuestras empresas proveedoras de bienes y servicios, as\u00ed como de sus representantes.<\/span><\/p>\n<p><span style=\"font-weight: 400;\">Mantenimiento de la relaci\u00f3n contractual con nuestros proveedores.<\/span><\/p>\n<p><span style=\"font-weight: 400;\">Gesti\u00f3n de los pagos y cobros relativos a los contratos que nos vinculan.<\/span><\/p>\n<p><b>\u00bfCu\u00e1l es la legitimaci\u00f3n para el tratamiento de sus datos?<\/b><\/p>\n<p><span style=\"font-weight: 400;\">En la <\/span><b>ejecuci\u00f3n de un precontrato\/contrato<\/b><span style=\"font-weight: 400;\"> para remitirle la informaci\u00f3n y hacer la gesti\u00f3n propia del servicio prestado, no siendo posible su realizaci\u00f3n en caso contrario.<\/span><\/p>\n<p><span style=\"font-weight: 400;\">En el <\/span><b>inter\u00e9s leg\u00edtimo<\/b><span style=\"font-weight: 400;\"> para la gesti\u00f3n de los datos relativos a los representantes de los proveedores de FUNDACION CANARIA CANTERA BASE 1939 CANARIAS.<\/span><span style=\"font-weight: 400;\">\u00a0<\/span><\/p>\n<ul>\n<li aria-level=\"1\"><b>CONTACTOS DE REDES SOCIALES<\/b><\/li>\n<\/ul>\n<p><b>\u00bfQu\u00e9 datos recopilamos?<\/b><\/p>\n<ol>\n<li style=\"font-weight: 400;\" aria-level=\"1\"><b>Datos identificativos en la Red Social: <\/b><span style=\"font-weight: 400;\">FUNDACION CANARIA CANTERA BASE 1939 CANARIAS no le solicitar\u00e1 datos m\u00e1s all\u00e1 de los que usted haya incluido en su perfil de usuario.\u00a0<\/span><\/li>\n<\/ol>\n<p><b>\u00bfCon qu\u00e9 finalidades vamos a tratar sus datos personales?<\/b><\/p>\n<p><span style=\"font-weight: 400;\">Contestar y gestionar sus consultas solicitudes o peticiones.<\/span><\/p>\n<p><span style=\"font-weight: 400;\">Relacionarnos con usted mientras forme parte de nuestra comunidad de seguidores.<\/span><\/p>\n<p><b>\u00bfCu\u00e1l es la legitimaci\u00f3n para el tratamiento de sus datos?<\/b><\/p>\n<p><span style=\"font-weight: 400;\">En la <\/span><b>ejecuci\u00f3n de un precontrato\/contrato<\/b><span style=\"font-weight: 400;\"> que le vincula con la red social correspondiente y de acuerdo con sus pol\u00edticas de privacidad:<\/span><\/p>\n<p><span style=\"font-weight: 400;\">Facebook <\/span><a href=\"http:\/\/www.facebook.com\/policy.php?ref=pf\"><span style=\"font-weight: 400;\">http:\/\/www.facebook.com\/policy.php?ref=pf<\/span><\/a><span style=\"font-weight: 400;\">\u00a0<\/span><\/p>\n<p><span style=\"font-weight: 400;\">Instagram <\/span><a href=\"https:\/\/help.instagram.com\/155833707900388\"><span style=\"font-weight: 400;\">https:\/\/help.instagram.com\/155833707900388<\/span><\/a><span style=\"font-weight: 400;\">\u00a0<\/span><\/p>\n<p><span style=\"font-weight: 400;\">Twitter <\/span><a href=\"http:\/\/twitter.com\/privacy\"><span style=\"font-weight: 400;\">http:\/\/twitter.com\/privacy<\/span><\/a><span style=\"font-weight: 400;\">\u00a0<\/span><\/p>\n<p><span style=\"font-weight: 400;\">LinkedIn <\/span><a href=\"http:\/\/www.linkedin.com\/legal\/privacy-policy?trk=hb_ft_priv\"><span style=\"font-weight: 400;\">http:\/\/www.linkedin.com\/legal\/privacy-policy?trk=hb_ft_priv<\/span><\/a><span style=\"font-weight: 400;\">\u00a0<\/span><\/p>\n<p><span style=\"font-weight: 400;\">Pinterest <\/span><a href=\"https:\/\/about.pinterest.com\/es\/privacy-policy\"><span style=\"font-weight: 400;\">https:\/\/about.pinterest.com\/es\/privacy-policy<\/span><\/a><span style=\"font-weight: 400;\">\u00a0<\/span><\/p>\n<p><span style=\"font-weight: 400;\">YouTube <\/span><a href=\"https:\/\/policies.google.com\/privacy?hl=es&amp;gl=es\"><span style=\"font-weight: 400;\">https:\/\/policies.google.com\/privacy?hl=es&amp;gl=es<\/span><\/a><\/p>\n<p>&nbsp;<\/p>\n<p><span style=\"font-weight: 400;\">https:\/\/fundacioncbcanarias.org\/ procurar\u00e1 en todo momento establecer mecanismos adecuados para obtener el consentimiento del Usuario para la instalaci\u00f3n de cookies que lo requieran. Cuando un usuario accede a nuestra web aparece un pop-up en el que se informa de la existencia de cookies y de que si contin\u00faa navegando por nuestra p\u00e1gina presta su consentimiento para la instalaci\u00f3n de cookies. La aceptaci\u00f3n de la instalaci\u00f3n de las cookies conlleva la aceptaci\u00f3n de la conservaci\u00f3n de la direcci\u00f3n IP en los registros de https:\/\/fundacioncbcanarias.org\/, junto con la fecha de aceptaci\u00f3n, por el plazo de un a\u00f1o, con la finalidad de demostrar el consentimiento prestado.\u00a0 Puede obtener m\u00e1s informaci\u00f3n en nuestra \u201cPol\u00edtica de Cookies\u201d.<\/span><span style=\"font-weight: 400;\">\u00a0<\/span><\/p>\n<ul>\n<li aria-level=\"1\">\n<h2><b>\u00bfPOR CU\u00c1NTO TIEMPO CONSERVAMOS SUS DATOS?\u00a0<\/b><\/h2>\n<\/li>\n<\/ul>\n<ul>\n<li aria-level=\"1\"><b>USUARIOS WEB<\/b><\/li>\n<\/ul>\n<p><span style=\"font-weight: 400;\">Aquellos datos que son tratados en base al consentimiento del usuario web se mantendr\u00e1n mientras resulten relevantes para el fin que fueron recogidos y el consentimiento no sea revocado.<\/span><\/p>\n<p><span style=\"font-weight: 400;\">Aquellos datos que son tratados en base al inter\u00e9s leg\u00edtimo el tiempo de conservaci\u00f3n ser\u00e1 el vinculado al que motiv\u00f3 la recogida del dato asegurando siempre las garant\u00edas adecuadas y el respeto a los derechos y libertades de los interesados.<\/span><\/p>\n<p><span style=\"font-weight: 400;\">Aquellos datos que son tratados en base a la ejecuci\u00f3n de un contrato o la adopci\u00f3n de medidas precontractuales el plazo de conservaci\u00f3n ser\u00e1 aquel en que la relaci\u00f3n contractual se mantenga vigente, as\u00ed como el tiempo posterior que por obligaci\u00f3n legal se deban conservar.<\/span><\/p>\n<p><span style=\"font-weight: 400;\">La direcci\u00f3n IP obtenida a trav\u00e9s de las cookies tendr\u00e1 un plazo de conservaci\u00f3n de un a\u00f1o, con la finalidad de demostrar el consentimiento del usuario.\u00a0<\/span><\/p>\n<p><span style=\"font-weight: 400;\">En cuanto al plazo de conservaci\u00f3n de las cookies, puede obtener m\u00e1s informaci\u00f3n en nuestra web en el apartado \u201cPol\u00edtica de cookies\u201d<\/span> <span style=\"font-weight: 400;\">\u00a0<\/span><\/p>\n<ul>\n<li aria-level=\"1\"><b>PROVEEDORES<\/b><\/li>\n<\/ul>\n<p><span style=\"font-weight: 400;\">Aquellos datos que son tratados en base al inter\u00e9s leg\u00edtimo el tiempo de conservaci\u00f3n ser\u00e1 el vinculado al que motiv\u00f3 la recogida del dato asegurando siempre las garant\u00edas adecuadas y el respeto a los derechos y libertades de los interesados.<\/span><\/p>\n<p><span style=\"font-weight: 400;\">Aquellos datos que son tratados en base a un contrato, as\u00ed como si parte del tratamiento se legitima en una obligaci\u00f3n legal, los datos se mantendr\u00e1n durante el tiempo en que la relaci\u00f3n contractual se encuentre vigente. El tiempo de conservaci\u00f3n de los datos una vez finalizada esta, o en el caso de que el tratamiento est\u00e9 vinculado a una obligaci\u00f3n legal ser\u00e1 el que legalmente est\u00e9 previsto no pudiendo revocarse el tratamiento del dato por parte del interesado salvo en las previsiones de bloqueo de estos previstos legalmente.<\/span><\/p>\n<ul>\n<li aria-level=\"1\"><b>CONTACTOS DE REDES SOCIALES<\/b><\/li>\n<\/ul>\n<p><span style=\"font-weight: 400;\">Los datos tratados de los contactos de Redes Sociales se mantendr\u00e1n mientras el usuario y FUNDACION CANARIA CANTERA BASE 1939 CANARIAS mantengan vinculaci\u00f3n en la red social. Al no depender directamente de FUNDACION CANARIA CANTERA BASE 1939 CANARIAS el tratamiento del dato solo podremos consultar o dar de baja sus datos de forma restringida. Trataremos sus datos tanto tiempo como el usuario de la red social se vincule con FUNDACION CANARIA CANTERA BASE 1939 CANARIAS como &#8216;amigos&#8217;, le de a &#8216;me gusta&#8217;, &#8216;seguir&#8217; o botones similares.<\/span><\/p>\n<p><span style=\"font-weight: 400;\">Para proceder a la rectificaci\u00f3n de sus datos, restricci\u00f3n de la informaci\u00f3n o de aquellas publicaciones que comparte no ser\u00e1 FUNDACION CANARIA CANTERA BASE 1939 CANARIAS el responsable de realizar dichas rectificaciones, sino que deber\u00e1 realizarla el propio usuario de la Red Social mediante la configuraci\u00f3n de su perfil atendiendo a la pol\u00edtica de privacidad de la propia Red Social.<\/span><\/p>\n<p><span style=\"font-weight: 400;\">Independientemente de la legitimaci\u00f3n que ampar\u00f3 la recogida del dato, este podr\u00e1 ser tratado con fines de investigaci\u00f3n cient\u00edfica, hist\u00f3rica o estad\u00edstica implementando siempre las garant\u00edas adecuadas y respetando los derechos y libertades de los interesados.<\/span><\/p>\n<ul>\n<li aria-level=\"1\">\n<h2><b>INFORMACI\u00d3N ADICIONAL SOBRE EL TRATAMIENTO DE DATOS\u00a0<\/b><\/h2>\n<\/li>\n<\/ul>\n<p><b>S\u00f3lo los mayores de 14 a\u00f1os<\/b><span style=\"font-weight: 400;\"> pueden facilitar datos a trav\u00e9s de nuestra web y correo-e. Si eres menor de esta edad deber\u00e1s contar con el consentimiento de tus padres o tutores legales.<\/span><\/p>\n<p><span style=\"font-weight: 400;\">El Usuario garantiza la autenticidad y actualidad de todos aquellos datos que comunique a FUNDACION CANARIA CANTERA BASE 1939 CANARIAS y declara que es mayor de 14 a\u00f1os, y ser\u00e1 el \u00fanico responsable de las manifestaciones falsas o inexactas que realice.\u00a0\u00a0<\/span><\/p>\n<p><span style=\"font-weight: 400;\">Los datos de car\u00e1cter personal tratados por FUNDACION CANARIA CANTERA BASE 1939 CANARIAS pueden ser obligatorios o voluntarios. Mediante los formularios web no se le solicitar\u00e1n datos de categor\u00edas especiales para garantizar su privacidad. En caso de que para prestarle un servicio sea necesario recoger datos de categor\u00edas especiales se le solicitar\u00e1n por otra v\u00eda. Los datos que se van a solicitar en los formularios son:\u00a0\u00a0\u00a0<\/span><\/p>\n<p>&nbsp;<\/p>\n<p><span style=\"font-weight: 400;\">La informaci\u00f3n voluntaria es aquella que el usuario no est\u00e1 obligado a facilitar para contactar con nosotros.<\/span><\/p>\n<p><span style=\"font-weight: 400;\">Los campos marcados con un asterisco (*) o con la palabra (requerido) en nuestros formularios son de cumplimentaci\u00f3n obligatoria, la negativa a suministrarlos supondr\u00e1 la imposibilidad de prestarle el servicio o atender su solicitud.<\/span><\/p>\n<p><span style=\"font-weight: 400;\">En el caso que nos facilites datos de terceros, manifiestas contar con el consentimiento de estos y te comprometes a trasladarle la informaci\u00f3n que te facilitamos en esta cl\u00e1usula, eximiendo a FUNDACION CANARIA CANTERA BASE 1939 CANARIAS de cualquier tipo de obligaci\u00f3n. No obstante FUNDACION CANARIA CANTERA BASE 1939 CANARIAS podr\u00e1 llevar a cabo verificaciones para constatar que el tercero ha sido informado adoptando las medidas de diligencia establecidas en la normativa de protecci\u00f3n de datos.<\/span><\/p>\n<ul>\n<li aria-level=\"1\">\n<h2><b>\u00bfA QU\u00c9 DESTINATARIOS SE COMUNICAR\u00c1N SUS DATOS?<\/b><\/h2>\n<\/li>\n<\/ul>\n<p><span style=\"font-weight: 400;\">No se ceder\u00e1n datos a terceros salvo obligaci\u00f3n legal o en el supuesto que sea necesario para atender su solicitud.\u00a0<\/span><\/p>\n<p><span style=\"font-weight: 400;\">Entre los destinatarios a los que pueden ser comunicados sus datos se encuentran:<\/span><\/p>\n<ul>\n<li style=\"font-weight: 400;\" aria-level=\"1\"><span style=\"font-weight: 400;\">FUNDACION CANARIA CANTERA BASE 1939 CANARIAS, CANTERA BASE 1939 CANARIAS, S.A.D..<\/span><\/li>\n<li style=\"font-weight: 400;\" aria-level=\"1\"><span style=\"font-weight: 400;\">Administraciones y Organismos p\u00fablicos cuando as\u00ed lo exija la normativa fiscal, laboral, de Seguridad Social o cualquier otra aplicable. Empresas encargadas del tratamiento de datos (proveedores de detecci\u00f3n y prevenci\u00f3n de fraude, servicios tecnol\u00f3gicos, servicios de atenci\u00f3n al cliente, servicios publicitarios y marketing, y, en general, terceros proveedores que sean necesarios para la prestaci\u00f3n de los servicios ofrecidos por FUNDACION CANARIA CANTERA BASE 1939 CANARIAS como proveedores de servicios de mensajer\u00eda y transporte, etc\u2026<\/span><\/li>\n<\/ul>\n<ul>\n<li aria-level=\"1\">\n<h2><b>\u00bfSE PRODUCEN TRANSFERENCIAS INTERNACIONALES DE DATOS?\u00a0\u00a0<\/b><\/h2>\n<\/li>\n<\/ul>\n<p><span style=\"font-weight: 400;\">https:\/\/fundacioncbcanarias.org\/ est\u00e1 alojada en Alemania, pa\u00eds que se encuentra en la Uni\u00f3n Europea, en el territorio del Espacio Econ\u00f3mico Europeo, o que cumple con las directrices establecidas en los art\u00edculos 46 y 47 del RGPD, por ello, no se dar\u00e1n transferencias internacionales de los datos aportados por los usuarios en la web.\u00a0<\/span><\/p>\n<p><span style=\"font-weight: 400;\">Nuestra web solo accede a los datos de los usuarios utilizando las siguientes v\u00edas:<\/span><span style=\"font-weight: 400;\">\u00a0<\/span><\/p>\n<ul>\n<li style=\"font-weight: 400;\" aria-level=\"1\"><span style=\"font-weight: 400;\">A trav\u00e9s de los formularios de contacto a disposici\u00f3n del usuario en la web.\u00a0\u00a0<\/span><\/li>\n<\/ul>\n<p><span style=\"font-weight: 400;\">Tambi\u00e9n pueden producirse transferencias internacionales de datos en sede de las anteriores cesiones\/comunicaciones para las cuales FUNDACION CANARIA CANTERA BASE 1939 CANARIAS utilizar\u00e1 las herramientas facilitadas en el art\u00edculo 46 y el 49 del RGPD como garant\u00eda de aquellas transferencias realizadas a pa\u00edses que no cuentan con una decisi\u00f3n de adecuaci\u00f3n de la Comisi\u00f3n Europea.\u00a0<\/span><\/p>\n<p><span style=\"font-weight: 400;\">En todo caso, los terceros con los cuales se compartan determinados datos de car\u00e1cter personal habr\u00e1n acreditado con car\u00e1cter previo la adopci\u00f3n de medidas t\u00e9cnicas y organizativas adecuadas para la correcta protecci\u00f3n de estos y se realizar\u00e1n solo con terceros pa\u00edses cuando exista un instrumento jur\u00eddico vinculante conforme a los art\u00edculos 46 y siguientes del RGPD. Con la aceptaci\u00f3n de esta pol\u00edtica de privacidad se acepta que se pueda producir una transferencia internacional de datos de acuerdo con las garant\u00edas indicadas.<\/span><\/p>\n<p><span style=\"font-weight: 400;\">En caso de que no se cumplan los requisitos establecidos en el RGPD, el interesado podr\u00e1 otorgar su consentimiento a la transferencia internacional o ejecutarse un contrato en inter\u00e9s del interesado. En caso contrario se deber\u00e1 solicitar una autorizaci\u00f3n a la Autoridad de Control.<\/span><\/p>\n<p><span style=\"font-weight: 400;\">Asimismo, le informamos que algunos servicios prestados por y para FUNDACION CANARIA CANTERA BASE 1939 CANARIAS pueden implicar la transferencia de datos personales a un tercer pa\u00eds no perteneciente a la UE, en servicios &#8220;cloud&#8221; ofrecidos por algunos de los principales proveedores internacionales (por ejemplo, Google, Microsoft). En esos servicios se confirmar\u00e1 el cumplimiento antes citado.<\/span><\/p>\n<p><span style=\"font-weight: 400;\">FUNDACION CANARIA CANTERA BASE 1939 CANARIAS no vende en ning\u00fan caso datos de sus usuarios a terceros.<\/span><\/p>\n<ul>\n<li aria-level=\"1\">\n<h2><b>\u00bfQU\u00c9 DERECHOS LE ASISTEN Y C\u00d3MO PUEDE EJERCITARLOS?<\/b><\/h2>\n<\/li>\n<\/ul>\n<p><span style=\"font-weight: 400;\">El usuario puede ejercer los siguientes derechos ante FUNDACION CANARIA CANTERA BASE 1939 CANARIAS:<\/span><\/p>\n<ol>\n<li style=\"font-weight: 400;\" aria-level=\"1\"><span style=\"font-weight: 400;\">Acceder a sus datos personales<\/span><\/li>\n<li style=\"font-weight: 400;\" aria-level=\"1\"><span style=\"font-weight: 400;\">Rectificarlos cuando son inexactos o incompletos<\/span><\/li>\n<li style=\"font-weight: 400;\" aria-level=\"1\"><span style=\"font-weight: 400;\">Solicitar la supresi\u00f3n o cancelaci\u00f3n de los datos cuando, entre otros motivos hayan dejado de ser necesarios para los fines para los que fueron recogidos<\/span><\/li>\n<li style=\"font-weight: 400;\" aria-level=\"1\"><span style=\"font-weight: 400;\">Oponerse a su tratamiento\u00a0<\/span><\/li>\n<li style=\"font-weight: 400;\" aria-level=\"1\"><span style=\"font-weight: 400;\">Pedir la limitaci\u00f3n del tratamiento de sus datos cuando se den alguna de las condiciones previstas en la normativa<\/span><\/li>\n<li style=\"font-weight: 400;\" aria-level=\"1\"><span style=\"font-weight: 400;\">Solicitar la portabilidad de sus datos en los casos previstos en la normativa\u00a0<\/span><\/li>\n<li style=\"font-weight: 400;\" aria-level=\"1\"><span style=\"font-weight: 400;\">Impedir ser objeto de decisiones automatizadas<\/span><\/li>\n<li style=\"font-weight: 400;\" aria-level=\"1\"><span style=\"font-weight: 400;\">Revocar los consentimientos otorgados<\/span><\/li>\n<\/ol>\n<p><span style=\"font-weight: 400;\">El usuario, para ejercer sus derechos, deber\u00e1 enviar un escrito en el que indique el derecho que desea ejercitar y acompa\u00f1ar documento acreditativo de su identidad y direcci\u00f3n postal o electr\u00f3nica a efectos de notificaci\u00f3n. Esta solicitud puede realizarla, bien mediante correo postal a: FUNDACION CANARIA CANTERA BASE 1939 CANARIAS MERCEDES SIN N\u00daMERO &#8211; PABELLON SANTIAGO MARTIN 38108 &#8211; LA LAGUNA, o bien en la siguiente direcci\u00f3n de correo-e: fundacion@cbcanarias.es.<\/span><span style=\"font-weight: 400;\">\u00a0<\/span><\/p>\n<p><span style=\"font-weight: 400;\">FUNDACION CANARIA CANTERA BASE 1939 CANARIAS deber\u00e1 contestar la solicitud del ejercicio de derechos en el <\/span><b>plazo de un mes<\/b><span style=\"font-weight: 400;\"> a partir de la recepci\u00f3n de la solicitud. Dicho plazo podr\u00e1 prorrogarse otros dos meses en caso necesario, teniendo en cuenta la complejidad y el n\u00famero de solicitudes.\u00a0 Le informaremos de cualquier pr\u00f3rroga en el plazo de un mes a partir de la recepci\u00f3n de la solicitud indicando los motivos de la dilaci\u00f3n.\u00a0<\/span><\/p>\n<p><span style=\"font-weight: 400;\">Asimismo, los interesados tienen derecho a reclamar ante la Autoridad de Control competente (Agencia Espa\u00f1ola de Protecci\u00f3n de Datos) cuando consideren que FUNDACION CANARIA CANTERA BASE 1939 CANARIAS ha vulnerado los derechos que la normativa de protecci\u00f3n de datos les reconoce en <\/span><a href=\"http:\/\/www.aepd.es\"><span style=\"font-weight: 400;\">www.aepd.es<\/span><\/a><span style=\"font-weight: 400;\">\u00a0<\/span><\/p>\n<ul>\n<li aria-level=\"1\">\n<h2><b>\u00bfEST\u00c1N SEGUROS MIS DATOS?<\/b><\/h2>\n<\/li>\n<\/ul>\n<p><span style=\"font-weight: 400;\">FUNDACION CANARIA CANTERA BASE 1939 CANARIAS tiene vigente un contrato con la empresa de Hosting Hetzner Online GmbH para el alojamiento de su p\u00e1gina web. Es una empresa europea y dispone de los \u00faltimos sistemas en medidas de seguridad.\u00a0<\/span><\/p>\n<p>&nbsp;<\/p>\n<p><span style=\"font-weight: 400;\">En todo caso, FUNDACION CANARIA CANTERA BASE 1939 CANARIAS garantiza la adopci\u00f3n de las medidas oportunas para asegurar el tratamiento confidencial de sus datos habida cuenta del car\u00e1cter reservado de los mismos y se compromete a que dichos datos permanezcan secretos, trat\u00e1ndolos con la m\u00e1xima reserva, y declara tener implantadas en su sistema de informaci\u00f3n, las pol\u00edticas de seguridad correspondientes al tipo de datos manejados conforme a lo dispuesto en el\u00a0 REGLAMENTO (UE) 2016\/679 DEL PARLAMENTO EUROPEO Y DEL CONSEJO de 27 de abril de 2016 relativo a la protecci\u00f3n de las personas f\u00edsicas en lo que respecta al tratamiento de datos personales y a la libre circulaci\u00f3n de estos datos (RGPD).<\/span><\/p>\n<p><span style=\"font-weight: 400;\">Todos los datos facilitados a trav\u00e9s de nuestra plataforma se recopilan mediante un protocolo seguro. Nuestra web posee un certificado SSL que permite que cuando alg\u00fan usuario visita nuestra web e intercambiar informaci\u00f3n con nosotros se establece una conexi\u00f3n cifrada.\u00a0<\/span><\/p>\n<ul>\n<li aria-level=\"1\">\n<h2><b>ENLACES A OTROS SITIOS WEB<\/b><\/h2>\n<\/li>\n<\/ul>\n<p><span style=\"font-weight: 400;\">Si opta por abandonar nuestro sitio Web a trav\u00e9s de enlaces a otros sitios Web no pertenecientes a nuestra entidad, FUNDACION CANARIA CANTERA BASE 1939 CANARIAS no se har\u00e1 responsable de las pol\u00edticas de privacidad de dichos sitios Web ni de las cookies que estos puedan almacenar en el ordenador del usuario.<\/span><\/p>\n<p>&nbsp;<\/p>\n<p><b>Fecha: 27\/11\/2025<\/b><\/p>\n<p><b>Versi\u00f3n: V.1.0<\/b><\/p>\n<p>&nbsp;<\/p>\n<\/section>\n","protected":false},"excerpt":{"rendered":"<p>NUESTRA POL\u00cdTICA DE PRIVACIDAD DE UN VISTAZO \u00bfQui\u00e9nes somos? Somos FUNDACION CANARIA CANTERA BASE 1939 CANARIAS y tratamos tus datos como responsable del Tratamiento. Eso significa que nos hacemos cargo de c\u00f3mo usar y proteger tus datos personales. \u00bfPara qu\u00e9 usamos tus datos? Usamos los datos que nos has facilitado online o a trav\u00e9s de [&hellip;]<\/p>\n","protected":false},"author":1,"featured_media":0,"parent":0,"menu_order":0,"comment_status":"closed","ping_status":"closed","template":"page-templates\/single-page-texto.php","meta":{"_genesis_hide_title":false,"_genesis_hide_breadcrumbs":false,"_genesis_hide_singular_image":false,"_genesis_hide_footer_widgets":false,"_genesis_custom_body_class":"","_genesis_custom_post_class":"","_genesis_layout":"","footnotes":""},"class_list":{"0":"post-27927","1":"page","2":"type-page","3":"status-publish","5":"entry"},"_links":{"self":[{"href":"https:\/\/fundacioncbcanarias.org\/en\/wp-json\/wp\/v2\/pages\/27927","targetHints":{"allow":["GET"]}}],"collection":[{"href":"https:\/\/fundacioncbcanarias.org\/en\/wp-json\/wp\/v2\/pages"}],"about":[{"href":"https:\/\/fundacioncbcanarias.org\/en\/wp-json\/wp\/v2\/types\/page"}],"author":[{"embeddable":true,"href":"https:\/\/fundacioncbcanarias.org\/en\/wp-json\/wp\/v2\/users\/1"}],"replies":[{"embeddable":true,"href":"https:\/\/fundacioncbcanarias.org\/en\/wp-json\/wp\/v2\/comments?post=27927"}],"version-history":[{"count":1,"href":"https:\/\/fundacioncbcanarias.org\/en\/wp-json\/wp\/v2\/pages\/27927\/revisions"}],"predecessor-version":[{"id":51698,"href":"https:\/\/fundacioncbcanarias.org\/en\/wp-json\/wp\/v2\/pages\/27927\/revisions\/51698"}],"wp:attachment":[{"href":"https:\/\/fundacioncbcanarias.org\/en\/wp-json\/wp\/v2\/media?parent=27927"}],"curies":[{"name":"wp","href":"https:\/\/api.w.org\/{rel}","templated":true}]}}