{"id":266,"date":"2024-11-26T11:37:24","date_gmt":"2024-11-26T10:37:24","guid":{"rendered":"https:\/\/fundacioncbcanarias.org\/?post_type=transparencias&#038;p=266"},"modified":"2025-11-27T12:56:25","modified_gmt":"2025-11-27T11:56:25","slug":"informacion-en-materia-organizativa","status":"publish","type":"transparencias","link":"https:\/\/fundacioncbcanarias.org\/en\/transparencias\/informacion-en-materia-organizativa\/","title":{"rendered":"INFORMACI\u00d3N EN MATERIA ORGANIZATIVA"},"content":{"rendered":"<p><strong><span style=\"text-decoration: underline;\">1.-NORMATIVA APLICABLE A LA ENTIDAD<\/span><\/strong><\/p>\n<p>Con relaci\u00f3n a las actividades de la Fundaci\u00f3n, la legislaci\u00f3n y normativa relevante y necesaria sobre la materia:<br \/>\n&#8211; Ley 2\/1998 de 6 de abril de Fundaciones Canarias<br \/>\n&#8211; Ley 50\/2002 de 26 de diciembre de Fundaciones<br \/>\n&#8211; Real Decreto-Ley 5\/2023 de 28 de junio de modificaci\u00f3n de la Ley 50\/2002 de Fundaciones.<\/p>\n<p>Con relaci\u00f3n a las actividades subvencionadas, la legislaci\u00f3n y normativa siguiente:<br \/>\n&#8211; Ley 38\/2003 de 17 de noviembre, General de Subvenciones<br \/>\n&#8211; Decreto 36\/2009 de 31 de marzo, R\u00e9gimen General de Subvenciones de la Comunidad Aut\u00f3noma de Canarias.<br \/>\n&#8211; Ley 11\/2006 de 11 de diciembre de la Hacienda P\u00fablica Canaria.<br \/>\n&#8211; Plan estrat\u00e9gico de Subvenciones. Orden de 14 de marzo de 2023, modificada por la Orden 339\/2023 de 15 de mayo de 2023.<br \/>\n&#8211; Ley 7\/2022 de 28 de diciembre, de Presupuestos Generales de la Comunidad Aut\u00f3noma de Canarias para 2023<br \/>\n&#8211; Resoluci\u00f3n de 27 de febrero de 2023 por la que se aprueba el Plan Estrat\u00e9gico de Subvenciones de la Presidencia del gobierno para el periodo 2023-2025-Subvenciones directas del presidente del Gobierno.<br \/>\nCon relaci\u00f3n a los contratos y convenios:<br \/>\n&#8211; Art\u00edculo 118 de la Ley 9\/2017, de 8 de noviembre, de Contratos del Sector P\u00fablico, modificado por la disposici\u00f3n final 1.1 Real Decreto-ley 3\/200, de 4 de febrero.<br \/>\n&#8211; Art\u00edculo 48.3 de la Ley 40\/2015 de 1 de octubre, de R\u00e9gimen Jur\u00eddico del Sector P\u00fablico.<\/p>\n<p>Supervisi\u00f3n de la Contrataci\u00f3n (BOE no 57 de 7 de marzo de 2019).<\/p>\n<p>Con car\u00e1cter general, la siguiente normativa contable:<br \/>\n&#8211; C\u00f3digo de Comercio y disposiciones complementarias y restante legislaci\u00f3n mercantil.<\/p>\n<p class=\"text-align-justify\">-Real Decreto 1\/2021 de 12 de enero por el que se modifica el Plan General de contabilidad aprobado por el Real decreto 1514\/2007 de 16 de noviembre.<\/p>\n<p class=\"text-align-justify\">-Resto de normativa contable aplicable.<\/p>\n<p><strong><span style=\"text-decoration: underline;\">2.-OBJETO SOCIAL<\/span><\/strong><\/p>\n<p><strong>INFORMACI\u00d3N FUNDACIONAL<\/strong><\/p>\n<ul>\n<li>Nombre o Raz\u00f3n Social: Fundaci\u00f3n Canaria Cantera Base 1939 Canarias<\/li>\n<li>A\u00f1o de fundaci\u00f3n: 2017<\/li>\n<li>CIF G-76719392<\/li>\n<li>Direcci\u00f3n: c\/. Mercedes. Las Torres s\/n. Pabell\u00f3n Santiago Mart\u00edn (Taco)<\/li>\n<li>Poblaci\u00f3n: San Crist\u00f3bal de La laguna \u2013 (S.C. de Tenerife)<\/li>\n<li>CP: 38108<\/li>\n<li>Tel\u00e9fono de contacto: 922 253 684<\/li>\n<li>Email: fundacion@cbcanarias.es<\/li>\n<li>Presidente: Santiago Cacho Pe\u00f1a<\/li>\n<\/ul>\n<p><strong>PATRONATO<\/strong><\/p>\n<ul>\n<li>Presidente: Alberto Santiago Cacho Pe\u00f1a<\/li>\n<li>Vicepresidente: Daniel Ca\u00f1ibano Mart\u00edn<\/li>\n<li>Secretario: Alejandro Le\u00f3n Mart\u00ednez<\/li>\n<li>Vocales: F\u00e9lix Hern\u00e1ndez Rodr\u00edguez, Aniano Cabrera Rodr\u00edguez y Jos\u00e9 Carlos Hern\u00e1ndez Rizo<\/li>\n<li>Gerente: Federico Garc\u00eda Soto<\/li>\n<\/ul>\n<p><strong>PROGRAMA FUNDACIONAL<\/strong><br \/>\nSeg\u00fan se detalla en la cl\u00e1usula sexta de los estatutos de la Fundaci\u00f3n:<\/p>\n<p class=\"text-align-justify\">a.-)Promocionar y Desarrollar el deporte del baloncesto como medio de integraci6n social y h\u00e1bitos de vida sana mediante la organizaci\u00f3n de programas deportivos, sociales, conferencias, cursos, clinics, visitas, asistencia a partidos de categor\u00eda senior etc. Colaborando para ello con otras fundaciones, instituciones y entidades para su desarrollo.<\/p>\n<p class=\"text-align-justify\">b.-)Fomentar la pr\u00e1ctica del deporte del baloncesto de base con actividades encaminadas a ni\u00f1os y ni\u00f1as a trav\u00e9s de los equipos de categor\u00edas inferiores colaborando con clubes de la provincia.<\/p>\n<p><strong>FILOSOF\u00cdA<\/strong><\/p>\n<p class=\"text-align-justify\">La Fundaci\u00f3n CBC es una entidad sin \u00e1nimo de lucro que tiene como objeto el fomento entre los ni\u00f1os, ni\u00f1as y adolescentes canarios de los h\u00e1bitos de vida saludable, a trav\u00e9s de acciones vinculadas a la pr\u00e1ctica del baloncesto, la actividad f\u00edsica y la organizaci\u00f3n de iniciativas que transmitan valores positivos, tales como vida sana, la deportividad, el esfuerzo, la superaci\u00f3n, trabajo en equipo y la igualdad.<\/p>\n<p><strong>MISI\u00d3N<\/strong><\/p>\n<p class=\"text-align-justify\">Fomentar los valores inherentes al deporte como su principal activo, para favorecer la educaci\u00f3n integral de la infancia y la juventud canaria, as\u00ed como la inclusi\u00f3n social de los m\u00e1s vulnerables.<\/p>\n<p><strong>VISI\u00d3N<\/strong><\/p>\n<p class=\"text-align-justify\">Ser un referente en el uso del deporte como herramienta educativa y de integraci\u00f3n social.<\/p>\n<p><strong>VALORES<br \/>\n<\/strong>La Fundaci\u00f3n CBC es abierta, integradora, constructiva, educativa en valores, din\u00e1mica, de calidad, coherente y, sobre todo, cercana a la sociedad canaria. Desarrollando, entre otros, los siguientes valores:<\/p>\n<ul>\n<li>El respeto, el compromiso y el trabajo en equipo. o La inclusi\u00f3n, la igualdad y la integraci\u00f3n.<\/li>\n<li>La Solidaridad.<\/li>\n<li>La Sostenibilidad.<\/li>\n<li>La Transparencia.<\/li>\n<\/ul>\n<p><strong>\u00c1MBITOS<br \/>\n<\/strong>La Fundaci\u00f3n CBC act\u00faa en los siguientes \u00e1mbitos:<\/p>\n<ul>\n<li><strong>Formaci\u00f3n<\/strong>: Actividades formativas y de asesoramiento.<\/li>\n<li><strong>Protecci\u00f3n de la Infancia<\/strong>: Fomentar un entorno seguro y protector para los ni\u00f1os, las ni\u00f1as y los adolescentes.<\/li>\n<li><strong>Inclusi\u00f3n, discapacidad y salud mental<\/strong>: Proyectos y actividades de inter\u00e9s general relacionados con el deporte como herramienta para la inclusi\u00f3n social e integraci\u00f3n.<\/li>\n<li><strong>Igualdad<\/strong>: La promoci\u00f3n de la igualdad de g\u00e9nero y el apoyo al deporte femenino.<\/li>\n<li><strong>Promoci\u00f3n del deporte<\/strong>: La realizaci\u00f3n de proyectos y actividades que fomenten la actividad f\u00edsica y el deporte como veh\u00edculo para la trasmisi\u00f3n de valores y h\u00e1bitos saludables de vida, entre otros.<\/li>\n<li><strong>Sostenibilidad<\/strong>: Desarrollo de acciones conjuntas que favorezcan la concienciaci\u00f3n en materia de protecci\u00f3n medioambiental, la biodiversidad, el cuidado de montes, los mares y las playas, el reciclaje, etc.<\/li>\n<\/ul>\n<p><strong>RETRIBUCIONES PATRONOS<\/strong><\/p>\n<p class=\"text-align-justify\">Los miembros del Patronato no han devengado retribuciones en los ejercicios 2022 y 2023.<\/p>\n<p><span style=\"text-decoration: underline;\"><strong>3.-ORGANIGRAMA DE LA ENTIDAD<\/strong><\/span><\/p>\n<p><img loading=\"lazy\" decoding=\"async\" class=\"aligncenter wp-image-51664 size-large\" src=\"https:\/\/crokis-sites.fra1.digitaloceanspaces.com\/cbcanarias-fundacion\/wp-content\/uploads\/2024\/04\/26144526\/INFORMACION-EN-MATERIA-ORGANIZATIVA-4-1024x394.png\" alt=\"\" width=\"1024\" height=\"394\" srcset=\"https:\/\/crokis-sites.fra1.digitaloceanspaces.com\/cbcanarias-fundacion\/wp-content\/uploads\/2024\/04\/26144526\/INFORMACION-EN-MATERIA-ORGANIZATIVA-4-1024x394.png 1024w, https:\/\/crokis-sites.fra1.digitaloceanspaces.com\/cbcanarias-fundacion\/wp-content\/uploads\/2024\/04\/26144526\/INFORMACION-EN-MATERIA-ORGANIZATIVA-4-300x116.png 300w, https:\/\/crokis-sites.fra1.digitaloceanspaces.com\/cbcanarias-fundacion\/wp-content\/uploads\/2024\/04\/26144526\/INFORMACION-EN-MATERIA-ORGANIZATIVA-4-768x296.png 768w, https:\/\/crokis-sites.fra1.digitaloceanspaces.com\/cbcanarias-fundacion\/wp-content\/uploads\/2024\/04\/26144526\/INFORMACION-EN-MATERIA-ORGANIZATIVA-4-1536x592.png 1536w, https:\/\/crokis-sites.fra1.digitaloceanspaces.com\/cbcanarias-fundacion\/wp-content\/uploads\/2024\/04\/26144526\/INFORMACION-EN-MATERIA-ORGANIZATIVA-4-2048x789.png 2048w\" sizes=\"auto, (max-width: 1024px) 100vw, 1024px\" \/><\/p>\n<p><span style=\"text-decoration: underline;\"><strong>4.-ESTATUTOS DE LA ENTIDAD<\/strong><\/span><\/p>\n<p><a href=\"https:\/\/crokis-sites.fra1.digitaloceanspaces.com\/cbcanarias-fundacion\/wp-content\/uploads\/2024\/04\/27125503\/estatutosacta-fundacionalregistro-asociacionesescrituras-notaria.pdf\" style=\"text-decoration:underline;\">Ver estatutos de la entidad<\/a><\/p>\n","protected":false},"excerpt":{"rendered":"<p>1.-NORMATIVA APLICABLE A LA ENTIDAD Con relaci\u00f3n a las actividades de la Fundaci\u00f3n, la legislaci\u00f3n y normativa relevante y necesaria sobre la materia: &#8211; Ley 2\/1998 de 6 de abril de Fundaciones Canarias &#8211; Ley 50\/2002 de 26 de diciembre de Fundaciones &#8211; Real Decreto-Ley 5\/2023 de 28 de junio de modificaci\u00f3n de la Ley [&hellip;]<\/p>\n","protected":false},"author":1,"featured_media":272,"template":"","class_list":{"0":"post-266","1":"transparencias","2":"type-transparencias","3":"status-publish","4":"has-post-thumbnail","6":"entry"},"_links":{"self":[{"href":"https:\/\/fundacioncbcanarias.org\/en\/wp-json\/wp\/v2\/transparencias\/266","targetHints":{"allow":["GET"]}}],"collection":[{"href":"https:\/\/fundacioncbcanarias.org\/en\/wp-json\/wp\/v2\/transparencias"}],"about":[{"href":"https:\/\/fundacioncbcanarias.org\/en\/wp-json\/wp\/v2\/types\/transparencias"}],"author":[{"embeddable":true,"href":"https:\/\/fundacioncbcanarias.org\/en\/wp-json\/wp\/v2\/users\/1"}],"wp:featuredmedia":[{"embeddable":true,"href":"https:\/\/fundacioncbcanarias.org\/en\/wp-json\/wp\/v2\/media\/272"}],"wp:attachment":[{"href":"https:\/\/fundacioncbcanarias.org\/en\/wp-json\/wp\/v2\/media?parent=266"}],"curies":[{"name":"wp","href":"https:\/\/api.w.org\/{rel}","templated":true}]}}